{"id":66399,"date":"2026-04-29T23:37:06","date_gmt":"2026-04-29T21:37:06","guid":{"rendered":"https:\/\/opticaclaudio.ch\/?page_id=66399"},"modified":"2026-04-30T01:16:38","modified_gmt":"2026-04-29T23:16:38","slug":"ferienhinweis","status":"publish","type":"page","link":"https:\/\/opticaclaudio.ch\/index.php\/ferienhinweis\/","title":{"rendered":"Onlineshop vor\u00fcbergehend geschlossen"},"content":{"rendered":"<div class=\"oc-holiday-page\">\n<h1>Onlineshop vor\u00fcbergehend geschlossen<\/h1>\n<p>\n    Unser Onlineshop ist aktuell vor\u00fcbergehend nicht aktiv.\n  <\/p>\n<p>\n    W\u00e4hrend unseren Betriebsferien k\u00f6nnen keine Online-Bestellungen aufgegeben werden.<br \/>\n    F\u00fcr Termine, Reparaturen oder Fragen sind wir nach unseren Ferien gerne wieder f\u00fcr Sie da.\n  <\/p>\n<p>\n    Vielen Dank f\u00fcr Ihr Verst\u00e4ndnis.<br \/>\n    Ihr Optica Claudio Team\n  <\/p>\n<p>  <a class=\"oc-holiday-btn\" href=\"\/kontakt\/\">Kontakt aufnehmen<\/a><br \/>\n  <a class=\"oc-holiday-btn oc-holiday-btn-light\" href=\"\/appointments\/\">Termin buchen<\/a>\n<\/div>\n","protected":false},"excerpt":{"rendered":"<p>Onlineshop vor\u00fcbergehend geschlossen Unser Onlineshop ist aktuell vor\u00fcbergehend nicht aktiv. W\u00e4hrend unseren Betriebsferien k\u00f6nnen keine Online-Bestellungen aufgegeben werden. F\u00fcr Termine, Reparaturen oder Fragen sind wir nach unseren Ferien gerne wieder f\u00fcr Sie da. Vielen Dank f\u00fcr Ihr Verst\u00e4ndnis. Ihr Optica Claudio Team Kontakt aufnehmen Termin buchen<\/p>\n","protected":false},"author":1,"featured_media":0,"parent":0,"menu_order":0,"comment_status":"closed","ping_status":"closed","template":"","meta":{"footnotes":""},"class_list":["post-66399","page","type-page","status-publish","hentry","prodpage-style2"],"_links":{"self":[{"href":"https:\/\/opticaclaudio.ch\/index.php\/wp-json\/wp\/v2\/pages\/66399","targetHints":{"allow":["GET"]}}],"collection":[{"href":"https:\/\/opticaclaudio.ch\/index.php\/wp-json\/wp\/v2\/pages"}],"about":[{"href":"https:\/\/opticaclaudio.ch\/index.php\/wp-json\/wp\/v2\/types\/page"}],"author":[{"embeddable":true,"href":"https:\/\/opticaclaudio.ch\/index.php\/wp-json\/wp\/v2\/users\/1"}],"replies":[{"embeddable":true,"href":"https:\/\/opticaclaudio.ch\/index.php\/wp-json\/wp\/v2\/comments?post=66399"}],"version-history":[{"count":6,"href":"https:\/\/opticaclaudio.ch\/index.php\/wp-json\/wp\/v2\/pages\/66399\/revisions"}],"predecessor-version":[{"id":66412,"href":"https:\/\/opticaclaudio.ch\/index.php\/wp-json\/wp\/v2\/pages\/66399\/revisions\/66412"}],"wp:attachment":[{"href":"https:\/\/opticaclaudio.ch\/index.php\/wp-json\/wp\/v2\/media?parent=66399"}],"curies":[{"name":"wp","href":"https:\/\/api.w.org\/{rel}","templated":true}]}}